{"version":"1.0","provider_name":"Sporthiva Online","provider_url":"http:\/\/www.sporthiva.com","author_name":"Evelyn Pineda","author_url":"http:\/\/www.sporthiva.com\/index.php\/author\/epineda\/","title":"Ricardo Gareca renunci\u00f3 a V\u00e9lez Sarsfield - Sporthiva Online","type":"rich","width":600,"height":338,"html":"<blockquote class=\"wp-embedded-content\" data-secret=\"CqvtYkeURh\"><a href=\"http:\/\/www.sporthiva.com\/index.php\/2023\/06\/05\/ricardo-gareca-renuncio-a-velez-sarsfield\/\">Ricardo Gareca renunci\u00f3 a V\u00e9lez Sarsfield<\/a><\/blockquote><iframe sandbox=\"allow-scripts\" security=\"restricted\" src=\"http:\/\/www.sporthiva.com\/index.php\/2023\/06\/05\/ricardo-gareca-renuncio-a-velez-sarsfield\/embed\/#?secret=CqvtYkeURh\" width=\"600\" height=\"338\" title=\"\u00abRicardo Gareca renunci\u00f3 a V\u00e9lez Sarsfield\u00bb \u2014 Sporthiva Online\" data-secret=\"CqvtYkeURh\" frameborder=\"0\" marginwidth=\"0\" marginheight=\"0\" scrolling=\"no\" class=\"wp-embedded-content\"><\/iframe><script type=\"text\/javascript\">\n\/*! This file is auto-generated *\/\n!function(d,l){\"use strict\";var e=!1,o=!1;if(l.querySelector)if(d.addEventListener)e=!0;if(d.wp=d.wp||{},!d.wp.receiveEmbedMessage)if(d.wp.receiveEmbedMessage=function(e){var t=e.data;if(t)if(t.secret||t.message||t.value)if(!\/[^a-zA-Z0-9]\/.test(t.secret)){for(var r,a,i,s=l.querySelectorAll('iframe[data-secret=\"'+t.secret+'\"]'),n=l.querySelectorAll('blockquote[data-secret=\"'+t.secret+'\"]'),o=new RegExp(\"^https?:$\",\"i\"),c=0;c<n.length;c++)n[c].style.display=\"none\";for(c=0;c<s.length;c++)if(r=s[c],e.source===r.contentWindow){if(r.removeAttribute(\"style\"),\"height\"===t.message){if(1e3<(i=parseInt(t.value,10)))i=1e3;else if(~~i<200)i=200;r.height=i}if(\"link\"===t.message)if(a=l.createElement(\"a\"),i=l.createElement(\"a\"),a.href=r.getAttribute(\"src\"),i.href=t.value,o.test(i.protocol))if(i.host===a.host)if(l.activeElement===r)d.top.location.href=t.value}}},e)d.addEventListener(\"message\",d.wp.receiveEmbedMessage,!1),l.addEventListener(\"DOMContentLoaded\",t,!1),d.addEventListener(\"load\",t,!1);function t(){if(!o){o=!0;for(var e,t,r,a=-1!==navigator.appVersion.indexOf(\"MSIE 10\"),i=!!navigator.userAgent.match(\/Trident.*rv:11\\.\/),s=l.querySelectorAll(\"iframe.wp-embedded-content\"),n=0;n<s.length;n++){if(!(r=(t=s[n]).getAttribute(\"data-secret\")))r=Math.random().toString(36).substr(2,10),t.src+=\"#?secret=\"+r,t.setAttribute(\"data-secret\",r);if(a||i)(e=t.cloneNode(!0)).removeAttribute(\"security\"),t.parentNode.replaceChild(e,t);t.contentWindow.postMessage({message:\"ready\",secret:r},\"*\")}}}}(window,document);\n<\/script>\n","description":"Buenos Aires, Argentina Ricardo Gareca, exdirector t\u00e9cnico de la selecci\u00f3n peruana, renunci\u00f3 a la conducci\u00f3n de V\u00e9lez Sarsfield, luego de menos de tres meses al mando del equipo, acosado por los malos resultados en la Liga 2023 de su pa\u00eds. La salida fue confirmada por \u00e9l mismo, luego de expresar en sus redes sociales que&nbsp;Continuar leyendo"}