{"version":"1.0","provider_name":"Sporthiva Online","provider_url":"http:\/\/www.sporthiva.com","author_name":"Evelyn Pineda","author_url":"http:\/\/www.sporthiva.com\/index.php\/author\/epineda\/","title":"Real Espa\u00f1a anuncia el fichaje de Arnaldo Urbina - Sporthiva Online","type":"rich","width":600,"height":338,"html":"<blockquote class=\"wp-embedded-content\" data-secret=\"hLobpeo5Hp\"><a href=\"http:\/\/www.sporthiva.com\/index.php\/2023\/07\/22\/real-espana-anuncia-el-fichaje-de-arnaldo-urbina\/\">Real Espa\u00f1a anuncia el fichaje de Arnaldo Urbina<\/a><\/blockquote><iframe sandbox=\"allow-scripts\" security=\"restricted\" src=\"http:\/\/www.sporthiva.com\/index.php\/2023\/07\/22\/real-espana-anuncia-el-fichaje-de-arnaldo-urbina\/embed\/#?secret=hLobpeo5Hp\" width=\"600\" height=\"338\" title=\"\u00abReal Espa\u00f1a anuncia el fichaje de Arnaldo Urbina\u00bb \u2014 Sporthiva Online\" data-secret=\"hLobpeo5Hp\" frameborder=\"0\" marginwidth=\"0\" marginheight=\"0\" scrolling=\"no\" class=\"wp-embedded-content\"><\/iframe><script type=\"text\/javascript\">\n\/*! This file is auto-generated *\/\n!function(d,l){\"use strict\";var e=!1,o=!1;if(l.querySelector)if(d.addEventListener)e=!0;if(d.wp=d.wp||{},!d.wp.receiveEmbedMessage)if(d.wp.receiveEmbedMessage=function(e){var t=e.data;if(t)if(t.secret||t.message||t.value)if(!\/[^a-zA-Z0-9]\/.test(t.secret)){for(var r,a,i,s=l.querySelectorAll('iframe[data-secret=\"'+t.secret+'\"]'),n=l.querySelectorAll('blockquote[data-secret=\"'+t.secret+'\"]'),o=new RegExp(\"^https?:$\",\"i\"),c=0;c<n.length;c++)n[c].style.display=\"none\";for(c=0;c<s.length;c++)if(r=s[c],e.source===r.contentWindow){if(r.removeAttribute(\"style\"),\"height\"===t.message){if(1e3<(i=parseInt(t.value,10)))i=1e3;else if(~~i<200)i=200;r.height=i}if(\"link\"===t.message)if(a=l.createElement(\"a\"),i=l.createElement(\"a\"),a.href=r.getAttribute(\"src\"),i.href=t.value,o.test(i.protocol))if(i.host===a.host)if(l.activeElement===r)d.top.location.href=t.value}}},e)d.addEventListener(\"message\",d.wp.receiveEmbedMessage,!1),l.addEventListener(\"DOMContentLoaded\",t,!1),d.addEventListener(\"load\",t,!1);function t(){if(!o){o=!0;for(var e,t,r,a=-1!==navigator.appVersion.indexOf(\"MSIE 10\"),i=!!navigator.userAgent.match(\/Trident.*rv:11\\.\/),s=l.querySelectorAll(\"iframe.wp-embedded-content\"),n=0;n<s.length;n++){if(!(r=(t=s[n]).getAttribute(\"data-secret\")))r=Math.random().toString(36).substr(2,10),t.src+=\"#?secret=\"+r,t.setAttribute(\"data-secret\",r);if(a||i)(e=t.cloneNode(!0)).removeAttribute(\"security\"),t.parentNode.replaceChild(e,t);t.contentWindow.postMessage({message:\"ready\",secret:r},\"*\")}}}}(window,document);\n<\/script>\n","thumbnail_url":"http:\/\/www.sporthiva.com\/wp-content\/uploads\/2023\/07\/F1pweNtXgAAoJ8L.jpg","thumbnail_width":1074,"thumbnail_height":806,"description":"San Pedro Sula, Honduras El Real Espa\u00f1a anunci\u00f3 este s\u00e1bado la contrataci\u00f3n del lateral izquierdo Arnaldo Urbina Torres que convenci\u00f3 en su per\u00edodo de prueba al entrenador uruguayo Julio \u00abPalomo\u00bb Rodr\u00edguez. \u00ab\u00a1Bienvenido a la m\u00e1kina Arnaldo Urbina! Y a darlo todo por este escudo. Posici\u00f3n: lateral izquierdo\/central, Edad: 27 a\u00f1os, Contrato: 1 a\u00f1o\u00bb, inform\u00f3 el&nbsp;Continuar leyendo"}