{"version":"1.0","provider_name":"Sporthiva Online","provider_url":"https:\/\/www.sporthiva.com","author_name":"Evelyn Pineda","author_url":"https:\/\/www.sporthiva.com\/index.php\/author\/epineda\/","title":"Vida renueva a su cuerpo t\u00e9cnico - Sporthiva Online","type":"rich","width":600,"height":338,"html":"<blockquote class=\"wp-embedded-content\" data-secret=\"Z9KlX6jDZZ\"><a href=\"https:\/\/www.sporthiva.com\/index.php\/2021\/12\/13\/vida-renueva-a-su-cuerpo-tecnico\/\">Vida renueva a su cuerpo t\u00e9cnico<\/a><\/blockquote><iframe sandbox=\"allow-scripts\" security=\"restricted\" src=\"https:\/\/www.sporthiva.com\/index.php\/2021\/12\/13\/vida-renueva-a-su-cuerpo-tecnico\/embed\/#?secret=Z9KlX6jDZZ\" width=\"600\" height=\"338\" title=\"\u00abVida renueva a su cuerpo t\u00e9cnico\u00bb \u2014 Sporthiva Online\" data-secret=\"Z9KlX6jDZZ\" frameborder=\"0\" marginwidth=\"0\" marginheight=\"0\" scrolling=\"no\" class=\"wp-embedded-content\"><\/iframe><script type=\"text\/javascript\">\n\/*! This file is auto-generated *\/\n!function(d,l){\"use strict\";var e=!1,o=!1;if(l.querySelector)if(d.addEventListener)e=!0;if(d.wp=d.wp||{},!d.wp.receiveEmbedMessage)if(d.wp.receiveEmbedMessage=function(e){var t=e.data;if(t)if(t.secret||t.message||t.value)if(!\/[^a-zA-Z0-9]\/.test(t.secret)){for(var r,a,i,s=l.querySelectorAll('iframe[data-secret=\"'+t.secret+'\"]'),n=l.querySelectorAll('blockquote[data-secret=\"'+t.secret+'\"]'),o=new RegExp(\"^https?:$\",\"i\"),c=0;c<n.length;c++)n[c].style.display=\"none\";for(c=0;c<s.length;c++)if(r=s[c],e.source===r.contentWindow){if(r.removeAttribute(\"style\"),\"height\"===t.message){if(1e3<(i=parseInt(t.value,10)))i=1e3;else if(~~i<200)i=200;r.height=i}if(\"link\"===t.message)if(a=l.createElement(\"a\"),i=l.createElement(\"a\"),a.href=r.getAttribute(\"src\"),i.href=t.value,o.test(i.protocol))if(i.host===a.host)if(l.activeElement===r)d.top.location.href=t.value}}},e)d.addEventListener(\"message\",d.wp.receiveEmbedMessage,!1),l.addEventListener(\"DOMContentLoaded\",t,!1),d.addEventListener(\"load\",t,!1);function t(){if(!o){o=!0;for(var e,t,r,a=-1!==navigator.appVersion.indexOf(\"MSIE 10\"),i=!!navigator.userAgent.match(\/Trident.*rv:11\\.\/),s=l.querySelectorAll(\"iframe.wp-embedded-content\"),n=0;n<s.length;n++){if(!(r=(t=s[n]).getAttribute(\"data-secret\")))r=Math.random().toString(36).substr(2,10),t.src+=\"#?secret=\"+r,t.setAttribute(\"data-secret\",r);if(a||i)(e=t.cloneNode(!0)).removeAttribute(\"security\"),t.parentNode.replaceChild(e,t);t.contentWindow.postMessage({message:\"ready\",secret:r},\"*\")}}}}(window,document);\n<\/script>\n","description":"El Vida finaliz\u00f3 las vueltas regulares en la segunda posici\u00f3n con 36 puntos bajo el mando del t\u00e9cnico portugu\u00e9s La Ceiba, Honduras La junta directiva del Vida de La Ceiba inform\u00f3 este lunes que el entrenador portugu\u00e9s Fernando Mira seguir\u00e1 al frente del equipo, tras realizar un torneo Apertura exitoso. La noticia se dio a&nbsp;Continuar leyendo"}