{"version":"1.0","provider_name":"Sporthiva Online","provider_url":"https:\/\/www.sporthiva.com","author_name":"Evelyn Pineda","author_url":"https:\/\/www.sporthiva.com\/index.php\/author\/epineda\/","title":"Edrick Menj\u00edvar baja de Honduras ante Jamaica - Sporthiva Online","type":"rich","width":600,"height":338,"html":"<blockquote class=\"wp-embedded-content\" data-secret=\"sxi0xAog4L\"><a href=\"https:\/\/www.sporthiva.com\/index.php\/2024\/09\/10\/edrick-menjivar-baja-de-honduras-ante-jamaica\/\">Edrick Menj\u00edvar baja de Honduras ante Jamaica<\/a><\/blockquote><iframe sandbox=\"allow-scripts\" security=\"restricted\" src=\"https:\/\/www.sporthiva.com\/index.php\/2024\/09\/10\/edrick-menjivar-baja-de-honduras-ante-jamaica\/embed\/#?secret=sxi0xAog4L\" width=\"600\" height=\"338\" title=\"\u00abEdrick Menj\u00edvar baja de Honduras ante Jamaica\u00bb \u2014 Sporthiva Online\" data-secret=\"sxi0xAog4L\" frameborder=\"0\" marginwidth=\"0\" marginheight=\"0\" scrolling=\"no\" class=\"wp-embedded-content\"><\/iframe><script type=\"text\/javascript\">\n\/*! This file is auto-generated *\/\n!function(d,l){\"use strict\";var e=!1,o=!1;if(l.querySelector)if(d.addEventListener)e=!0;if(d.wp=d.wp||{},!d.wp.receiveEmbedMessage)if(d.wp.receiveEmbedMessage=function(e){var t=e.data;if(t)if(t.secret||t.message||t.value)if(!\/[^a-zA-Z0-9]\/.test(t.secret)){for(var r,a,i,s=l.querySelectorAll('iframe[data-secret=\"'+t.secret+'\"]'),n=l.querySelectorAll('blockquote[data-secret=\"'+t.secret+'\"]'),o=new RegExp(\"^https?:$\",\"i\"),c=0;c<n.length;c++)n[c].style.display=\"none\";for(c=0;c<s.length;c++)if(r=s[c],e.source===r.contentWindow){if(r.removeAttribute(\"style\"),\"height\"===t.message){if(1e3<(i=parseInt(t.value,10)))i=1e3;else if(~~i<200)i=200;r.height=i}if(\"link\"===t.message)if(a=l.createElement(\"a\"),i=l.createElement(\"a\"),a.href=r.getAttribute(\"src\"),i.href=t.value,o.test(i.protocol))if(i.host===a.host)if(l.activeElement===r)d.top.location.href=t.value}}},e)d.addEventListener(\"message\",d.wp.receiveEmbedMessage,!1),l.addEventListener(\"DOMContentLoaded\",t,!1),d.addEventListener(\"load\",t,!1);function t(){if(!o){o=!0;for(var e,t,r,a=-1!==navigator.appVersion.indexOf(\"MSIE 10\"),i=!!navigator.userAgent.match(\/Trident.*rv:11\\.\/),s=l.querySelectorAll(\"iframe.wp-embedded-content\"),n=0;n<s.length;n++){if(!(r=(t=s[n]).getAttribute(\"data-secret\")))r=Math.random().toString(36).substr(2,10),t.src+=\"#?secret=\"+r,t.setAttribute(\"data-secret\",r);if(a||i)(e=t.cloneNode(!0)).removeAttribute(\"security\"),t.parentNode.replaceChild(e,t);t.contentWindow.postMessage({message:\"ready\",secret:r},\"*\")}}}}(window,document);\n<\/script>\n","thumbnail_url":"https:\/\/www.sporthiva.com\/wp-content\/uploads\/2024\/09\/FsbDVPtXoAAM7D3.jpg","thumbnail_width":1200,"thumbnail_height":673,"description":"Tegucigalpa, Honduras El portero de la Selecci\u00f3n de Honduras, Edrick Menj\u00edvar, no ser\u00e1 titular ante Jamaica, por la segunda jornada de la Liga de Naciones de la Concacaf. El guardameta de Olimpia entren\u00f3 aparte este lunes en el Centro de Alto Rendimiento Jos\u00e9 Rafael Ferrari y todo indica que Luis \u201cBuba\u201d L\u00f3pez ser\u00e1 el titular&nbsp;Continuar leyendo"}